{"id":348,"date":"2019-01-23T16:56:37","date_gmt":"2019-01-23T16:56:37","guid":{"rendered":"https:\/\/apasev.org\/?page_id=348"},"modified":"2019-08-09T16:30:21","modified_gmt":"2019-08-09T16:30:21","slug":"estatutos","status":"publish","type":"page","link":"https:\/\/apasev.org\/?page_id=348","title":{"rendered":"Estatutos"},"content":{"rendered":"\t\t<div data-elementor-type=\"wp-post\" data-elementor-id=\"348\" class=\"elementor elementor-348\">\n\t\t\t\t\t\t<section class=\"elementor-section elementor-top-section elementor-element elementor-element-5b6217b6 elementor-section-boxed elementor-section-height-default elementor-section-height-default wpr-particle-no wpr-jarallax-no wpr-parallax-no wpr-sticky-section-no\" data-id=\"5b6217b6\" data-element_type=\"section\" data-e-type=\"section\">\n\t\t\t\t\t\t<div class=\"elementor-container elementor-column-gap-default\">\n\t\t\t\t\t<div class=\"elementor-column elementor-col-100 elementor-top-column elementor-element elementor-element-5a2fc8d0\" data-id=\"5a2fc8d0\" data-element_type=\"column\" data-e-type=\"column\">\n\t\t\t<div class=\"elementor-widget-wrap elementor-element-populated\">\n\t\t\t\t\t\t<div class=\"elementor-element elementor-element-130118d8 elementor-widget elementor-widget-image\" data-id=\"130118d8\" data-element_type=\"widget\" data-e-type=\"widget\" data-widget_type=\"image.default\">\n\t\t\t\t<div class=\"elementor-widget-container\">\n\t\t\t\t\t\t\t\t\t\t\t\t\t\t\t<img decoding=\"async\" width=\"301\" height=\"114\" src=\"https:\/\/apasev.org\/wp-content\/uploads\/logo.png\" class=\"attachment-large size-large wp-image-155\" alt=\"Asociacion pro Ayuda, Salud, Esperanza y Vida\" srcset=\"https:\/\/apasev.org\/wp-content\/uploads\/logo.png 301w, https:\/\/apasev.org\/wp-content\/uploads\/logo-300x114.png 300w\" sizes=\"(max-width: 301px) 100vw, 301px\" \/>\t\t\t\t\t\t\t\t\t\t\t\t\t\t\t<\/div>\n\t\t\t\t<\/div>\n\t\t\t\t<div class=\"elementor-element elementor-element-4d5ca7d4 elementor-widget elementor-widget-image-carousel\" data-id=\"4d5ca7d4\" data-element_type=\"widget\" data-e-type=\"widget\" data-settings=\"{&quot;slides_to_show&quot;:&quot;1&quot;,&quot;navigation&quot;:&quot;none&quot;,&quot;autoplay&quot;:&quot;yes&quot;,&quot;pause_on_hover&quot;:&quot;yes&quot;,&quot;pause_on_interaction&quot;:&quot;yes&quot;,&quot;autoplay_speed&quot;:5000,&quot;infinite&quot;:&quot;yes&quot;,&quot;effect&quot;:&quot;slide&quot;,&quot;speed&quot;:500}\" data-widget_type=\"image-carousel.default\">\n\t\t\t\t<div class=\"elementor-widget-container\">\n\t\t\t\t\t\t\t<div class=\"elementor-image-carousel-wrapper swiper\" role=\"region\" aria-roledescription=\"carousel\" aria-label=\"Carrusel de im\u00e1genes\" dir=\"ltr\">\n\t\t\t<div class=\"elementor-image-carousel swiper-wrapper\" aria-live=\"off\">\n\t\t\t\t\t\t\t\t<div class=\"swiper-slide\" role=\"group\" aria-roledescription=\"slide\" aria-label=\"1 de 3\"><figure class=\"swiper-slide-inner\"><img decoding=\"async\" class=\"swiper-slide-image\" src=\"https:\/\/apasev.org\/wp-content\/uploads\/Portada01.jpg\" alt=\"Entrada APASEV\" \/><\/figure><\/div><div class=\"swiper-slide\" role=\"group\" aria-roledescription=\"slide\" aria-label=\"2 de 3\"><figure class=\"swiper-slide-inner\"><img decoding=\"async\" class=\"swiper-slide-image\" src=\"https:\/\/apasev.org\/wp-content\/uploads\/Portada03.jpg\" alt=\"Portada03\" \/><\/figure><\/div><div class=\"swiper-slide\" role=\"group\" aria-roledescription=\"slide\" aria-label=\"3 de 3\"><figure class=\"swiper-slide-inner\"><img decoding=\"async\" class=\"swiper-slide-image\" src=\"https:\/\/apasev.org\/wp-content\/uploads\/Portada02.jpg\" alt=\"Portada02\" \/><\/figure><\/div>\t\t\t<\/div>\n\t\t\t\t\t\t\t\n\t\t\t\t\t\t\t\t\t<\/div>\n\t\t\t\t\t\t<\/div>\n\t\t\t\t<\/div>\n\t\t\t\t\t<\/div>\n\t\t<\/div>\n\t\t\t\t\t<\/div>\n\t\t<\/section>\n\t\t\t\t<section class=\"elementor-section elementor-top-section elementor-element elementor-element-d1477e3 elementor-section-boxed elementor-section-height-default elementor-section-height-default wpr-particle-no wpr-jarallax-no wpr-parallax-no wpr-sticky-section-no\" data-id=\"d1477e3\" data-element_type=\"section\" data-e-type=\"section\">\n\t\t\t\t\t\t<div class=\"elementor-container elementor-column-gap-default\">\n\t\t\t\t\t<div class=\"elementor-column elementor-col-100 elementor-top-column elementor-element elementor-element-606cb8b\" data-id=\"606cb8b\" data-element_type=\"column\" data-e-type=\"column\" data-settings=\"{&quot;background_background&quot;:&quot;classic&quot;}\">\n\t\t\t<div class=\"elementor-widget-wrap elementor-element-populated\">\n\t\t\t\t\t\t<div class=\"elementor-element elementor-element-cfb2bb9 elementor-widget elementor-widget-text-editor\" data-id=\"cfb2bb9\" data-element_type=\"widget\" data-e-type=\"widget\" data-widget_type=\"text-editor.default\">\n\t\t\t\t<div class=\"elementor-widget-container\">\n\t\t\t\t\t\t\t\t\t<h1 class=\"western\" lang=\"es-ES\">ESTATUTOS DE LA ASOCIACI\u00d3N ADAPTADOS A LA L.O. 1\/2002<\/h1><h2 class=\"western\" lang=\"es-ES\" style=\"padding-left: 30px;\" align=\"justify\">CAPITULO I &#8211; DENOMINACI\u00d3N, FINES, ACTIVIDADES, DOMICILIO Y \u00c1MBITO<\/h2><h3 style=\"padding-left: 60px;\">Articulo 1.- Denominaci\u00f3n.<\/h3><p style=\"padding-left: 90px;\">Denominada \u201cAsociaci\u00f3n pro ayuda salud, esperanza y vida (APASEV)\u00bb, fue constituida con fecha 15 de Diciembre de 1.994, con arreglo a la ley 191\/64 de 24 de Diciembre y Decreto 1440\/65 de 20 de Mayo; ha adaptado sus estatutos al amparo del art\u00edculo 22 CE, que se regir\u00e1 por la Ley Org\u00e1nica 1\/2002, de 22 de Marzo reguladora del derecho de asociaci\u00f3n y normas concordantes y las que en cada momento le sean aplicables y por los Estatutos vigentes.<\/p><h3 style=\"padding-left: 60px;\">Art\u00edculo 2.- Fines \u2013 Misi\u00f3n y Visi\u00f3n.<\/h3><h5 style=\"padding-left: 60px;\">2.1- Fines<\/h5><p style=\"padding-left: 90px;\">La asociaci\u00f3n tiene como finalidad gen\u00e9rica, promover que se adopten todas las medidas que contribuyan a la mejora de la calidad de vida de los enfermos mentales cr\u00f3nicos, de sus familiares y allegados, y, espec\u00edficamente los siguientes:<\/p><p style=\"padding-left: 120px;\">a) Informar, orientar y asistir a los padres o tutores de los enfermos en cuanto concierne a la educaci\u00f3n, formaci\u00f3n y actividades que contribuyan a mejorar la calidad de vida de sus hijos o pupilos.<\/p><p style=\"padding-left: 120px;\">b) Contribuir a mejorar la prevenci\u00f3n, tratamiento, reinserci\u00f3n social y rehabilitaci\u00f3n laboral del enfermo mental.<\/p><p style=\"padding-left: 120px;\">c) Promover la comprensi\u00f3n social y sensibilizar a los Poderes P\u00fablicos hacia esta enfermedad y sus problemas.<\/p><p style=\"padding-left: 120px;\">d) Procurar relaciones de colaboraci\u00f3n y comunicaciones entre entidades, instituciones y administraciones.<\/p><p style=\"padding-left: 120px;\">e) Organizar y promover actividades y servicios de tipo informativo, social, educativo, cultural, recreativo y de prevenci\u00f3n para los enfermos y sus familiares.<\/p><p style=\"padding-left: 120px;\">f) Tratar de obtener viviendas protegidas y otras soluciones residenciales que contribuyan a asegurar un futuro digno para estos enfermos.<\/p><p style=\"padding-left: 120px;\">g) Promover la igualdad de g\u00e9nero, el respeto al medio ambiente, el empoderamiento de las personas con enfermedad mental y la defensa de sus derechos<\/p><p style=\"padding-left: 120px;\">h) Promover o fomentar las acciones de voluntariado, estimulando la normalizaci\u00f3n y la solidaridad hacia el colectivo de salud mental.<\/p><p style=\"padding-left: 90px;\">Se atender\u00e1 a colectivos minoritarios y con especiales necesidades dentro de la Salud Mental, tales como: infancia, j\u00f3venes, mayores, mujer, poblaci\u00f3n reclusa, patolog\u00eda dual, diversidad sexual, personas sin hogar, v\u00edctimas de violencia de g\u00e9nero, etc.<\/p><p style=\"padding-left: 90px;\">Se procurar\u00e1 que las actividades est\u00e9n abiertas a cualquier persona beneficiaria que re\u00fana las condiciones y caracter\u00edsticas exigidas en cada actividad concreta.<\/p><h4 style=\"padding-left: 60px;\">2.2-Misi\u00f3n<\/h4><p style=\"padding-left: 90px;\">Contribuir a la mejora de la calidad de vida de las personas con trastorno mental y sus familias y la defensa de sus derechos<\/p><h4 style=\"padding-left: 60px;\">2.3-Visi\u00f3n<\/h4><p style=\"padding-left: 90px;\">Ser una organizaci\u00f3n referente en el campo de la salud mental l\u00edder en la lucha para alcanzar la plena integraci\u00f3n social de las personas con enfermedad mental grave y\u00a0 prolongada en la localidad de Alcorc\u00f3n y alrededores.<\/p><h3 style=\"padding-left: 60px;\">Art\u00edculo 3.- Actividades.<\/h3><p style=\"padding-left: 90px;\">Para el cumplimiento de estos fines, se realizar\u00e1n las siguientes actividades:<\/p><p style=\"padding-left: 120px;\">a) Actuar\u00e1 de forma legal ante las autoridades y organismos competentes en defensa de los derechos e intereses de los enfermos mentales cr\u00f3nicos y de sus familias, as\u00ed como en defensa de los derechos e intereses de la Asociaci\u00f3n como entidad con personalidad jur\u00eddica.<\/p><p style=\"padding-left: 120px;\">b) Informar\u00e1 y orientar\u00e1 sobre los recursos sanitarios, sociales, jur\u00eddicos o de cualquier otro tipo que puedan ayudar a mejorar o resolver los problemas que se plantean en relaci\u00f3n con los enfermos mentales cr\u00f3nicos.<\/p><p style=\"padding-left: 120px;\">c) Promover\u00e1 y organizar\u00e1 cursos y conferencias que informen y orienten a los familiares y amigos de los afectados, sobre el conocimiento de la enfermedad y su tratamiento familiar y publicar\u00e1 o distribuir\u00e1 estudios o informaciones que contribuyan al mismo fin.<\/p><p style=\"padding-left: 120px;\">d) Facilitar\u00e1 consejo y ayuda a los familiares en los momentos de crisis.<\/p><p style=\"padding-left: 120px;\">Establecer\u00e1 grupos terap\u00e9uticos para familiares, apoyados por profesionales, para aliviar su ansiedad y su aislamiento y promover\u00e1 y desarrollar\u00e1 entre los socios grupos de ayuda mutua v solidaridad.<\/p><p style=\"padding-left: 120px;\">f) Promover\u00e1 la creaci\u00f3n de Centros de Rehabilitaci\u00f3n Laboral para los enfermos mentales, as\u00ed como talleres protegidos y centros de empleo en las que puedan, en su caso, obtener una remuneraci\u00f3n.<\/p><p style=\"padding-left: 120px;\">g) Crear\u00e1, fomentar\u00e1 e impulsar\u00e1 el establecimiento de Clubes Sociales, Centros Ocupacionales, Actividades Deportivas o L\u00fadicas que contribuyan a favorecer la mejora de los enfermos.<\/p><p style=\"padding-left: 120px;\">h) Establecer\u00e1 contactos permanentes con la Comunidad de Madrid y otras instituciones nacionales o extranjeras, que permitan unificar los esfuerzos conducentes a obtener \u00f3ptimos resultados en beneficio de los enfermos mentales cr\u00f3nicos.<\/p><p style=\"padding-left: 120px;\">i) Potenciar actividades para atender a colectivos minoritarios y con especiales necesidades dentro de la salud mental, infancia, j\u00f3venes, mayores, mujer, poblaci\u00f3n reclusa, patolog\u00eda dual, personas sin hogar, v\u00edctimas de violencia de g\u00e9nero, a trav\u00e9s de la Uni\u00f3n y de las asociaciones miembro.<\/p><p style=\"padding-left: 120px;\">j) Cuantas otras actividades, en el marco de los fines de la Asociaci\u00f3n, se propongan y aprueben por los \u00d3rganos Competentes de la misma.<\/p><p style=\"padding-left: 90px;\">Las actividades se desarrollar\u00e1n con sujeci\u00f3n a lo dispuesto en el art 32.1 b de la Ley Org\u00e1nica 1\/2002 de 22 de marzo de modo que no est\u00e9n restringidas exclusivamente a beneficiar a los asociados, as\u00ed como con sujeci\u00f3n a los dispuesto en el art.3 apartados 3\u00b0 y 4\u00b0 de la Ley 49\/2002 de 23 de diciembre de R\u00e9gimen fiscal de las entidades sin fines lucrativos y normas que las desarrollen o sustituyan, sin perjuicio de las excepciones que para investigaci\u00f3n cient\u00edfica y desarrollo tecnol\u00f3gico, servicios de asistencia social y deportivos, establece la normativa citada.<\/p><h3 style=\"padding-left: 60px;\">Art\u00edculo 4.- Domicilio y \u00e1mbito.<\/h3><p style=\"padding-left: 90px;\">La Asociaci\u00f3n establece su domicilio social en la c\/ Timanfaya n\u00ba 15-31 de Alcorc\u00f3n (Madrid), y su \u00e1mbito le actuaci\u00f3n es local y comprende a los municipios del \u00e1rea 8 de la Comunidad de Madrid que no poseen este tipo de recursos.<\/p><h2 style=\"padding-left: 30px;\">CAP\u00cdTULO II &#8211; ORGANOS DE LA ASOCIACI\u00d3N<\/h2><h3 style=\"padding-left: 60px;\">Art\u00edculo 5.- \u00d3rganos de gobierno y representaci\u00f3n de la Asociaci\u00f3n.<\/h3><p style=\"padding-left: 90px;\">Los \u00f3rganos de gobierno y representaci\u00f3n de la Asociaci\u00f3n son respectivamente, la Asamblea General y la Junta Directiva.<\/p><h2 style=\"padding-left: 30px;\">CAP\u00cdTULO III &#8211; ASAMBLEA GENERAL<\/h2><h3 style=\"padding-left: 60px;\">Art\u00edculo 6.- Naturaleza<\/h3><p style=\"padding-left: 90px;\">La Asamblea General es el \u00f3rgano supremo de gobierno de la Asociaci\u00f3n y estar\u00e1 integrada por todos los asociados.<\/p><h3 style=\"padding-left: 60px;\">Art\u00edculo 7.- Reuniones<\/h3><p style=\"padding-left: 90px;\">Las reuniones de la Asamblea General ser\u00e1n ordinarias y extraordinarias. La ordinaria se celebrar\u00e1 una vez al a\u00f1o en el primer semestre; las extraordinarias, en los supuestos previstos por la ley, previa convocatoria por la Junta Directiva o cuando lo solicite por escrito un n\u00famero de asociados no inferior al 10%.<\/p><h3 style=\"padding-left: 60px;\">Art\u00edculo 8.- Convocatorias<\/h3><p style=\"padding-left: 90px;\">Las convocatorias de las Asambleas generales, tanto ordinarias como extraordinarias deber\u00e1n ser convocadas por el\/la Presidente\/a de la Junta Directiva, expresando el lugar, d\u00eda y hora de la reuni\u00f3n, as\u00ed como el orden del d\u00eda. Entre la convocatoria y d\u00eda se\u00f1alado para la celebraci\u00f3n de la Asamblea en primera convocatoria habr\u00e1n de mediar al menos 15 d\u00edas, pudiendo as\u00ed mismo hacerse constar si procediera la fecha en que se reunir\u00e1 la Asamblea en segunda convocatoria, sin que entre una y otra pueda mediar un plazo inferior a media hora.<\/p><p style=\"padding-left: 90px;\">Por razones de urgencia, podr\u00e1n reducirse los mencionados plazos.<\/p><h3 style=\"padding-left: 60px;\">Art\u00edculo 9.- Qu\u00f3rum de validez de constituci\u00f3n y qu\u00f3rum de adopci\u00f3n de acuerdos.<\/h3><p style=\"padding-left: 90px;\">Las Asambleas Generales, tanto ordinarias como extraordinarias, quedar\u00e1n v\u00e1lidamente constituidas en primera convocatoria, cuando concurran a ellas, presentes o representados, al menos un tercio de los asociados con derecho a voto, y en segunda convocatoria, con cualquiera que sea el n\u00famero de asistentes.<\/p><p style=\"padding-left: 90px;\">Los acuerdos se tomar\u00e1n por mayor\u00eda simple de votos de las personas presentes o representadas, salvo en los supuestos de modificaci\u00f3n de estatutos, disoluci\u00f3n de la asociaci\u00f3n, disposici\u00f3n o enajenaci\u00f3n de bienes o remuneraci\u00f3n de los miembros de la Junta Directiva, en los que ser\u00e1 necesaria una mayor\u00eda de 2\/3 de votos de las personas presentes o representadas, decidiendo en caso de empate el voto de calidad del Presidente o de qui\u00e9n haga las veces.<\/p><h3 style=\"padding-left: 60px;\">Art\u00edculo 10.- Facultades de la Asamblea General Ordinaria.<\/h3><p style=\"padding-left: 90px;\">Son facultades de la Asamblea General Ordinaria:<\/p><p style=\"padding-left: 120px;\">a) Nombramiento de la Junta Directiva y sus cargos, administradores y representantes, as\u00ed como sus socios de honor.<\/p><p style=\"padding-left: 120px;\">b) Examinar y aprobar los presupuestos anuales y las cuentas.<\/p><p style=\"padding-left: 120px;\">c) Aprobar, en su caso, la gesti\u00f3n de la Junta Directiva.<\/p><p style=\"padding-left: 120px;\">d) Fijar las cuotas ordinarias o extraordinarias.<\/p><p style=\"padding-left: 120px;\">e) Acuerdo para constituir una Federaci\u00f3n de Asociaciones o integrarse en alguna.<\/p><p style=\"padding-left: 120px;\">Expulsi\u00f3n de socios a propuesta de la Junta Directiva<\/p><p style=\"padding-left: 120px;\">Solicitud de declaraci\u00f3n de utilidad p\u00fablica<\/p><p style=\"padding-left: 120px;\">Disposici\u00f3n y enajenaci\u00f3n de bienes.<\/p><p style=\"padding-left: 120px;\">Aprobar el Reglamento de R\u00e9gimen Interior.<\/p><p style=\"padding-left: 120px;\">Remuneraci\u00f3n, en su caso, de los miembros de la Junta Directiva.<\/p><p style=\"padding-left: 120px;\">Cualquiera otra que no sea de la competencia exclusiva de la Asamblea extraordinaria.<\/p><h3 style=\"padding-left: 60px;\">Art\u00edculo 11.- Facultades de la Asamblea General Extraordinaria:<\/h3><p style=\"padding-left: 90px;\">Corresponde a la Asamblea General Extraordinaria la modificaci\u00f3n de los Estatutos y la disoluci\u00f3n de la Asociaci\u00f3n.<\/p><h2 style=\"padding-left: 30px;\">CAPITULO IV &#8211;\u00a0JUNTA DIRECTIVA<\/h2><h3 style=\"padding-left: 60px;\">Art\u00edculo 12.- Naturaleza y composici\u00f3n<\/h3><p style=\"padding-left: 90px;\">La Junta Directiva es el \u00f3rgano de representaci\u00f3n que gestiona y representa los intereses de la Asociaci\u00f3n de acuerdo con las disposiciones y directivas de la Asamblea General. Estar\u00e1 formada por un Presidente, un Vicepresidente, un Secretario, un Tesorero y Vocales, designados por la Asamblea General entre los asociados mayores de edad, en pleno uso de sus derechos civiles que no est\u00e9n incursos en motivos de incompatibilidad legalmente establecidos. Su mandato tendr\u00e1 una duraci\u00f3n de 4 a\u00f1os con posibilidad de reelecci\u00f3n.<\/p><p style=\"padding-left: 90px;\">El Presidente, Vicepresidente y el Secretario de la Junta Directiva ser\u00e1n, as\u00ed mismo, Presidente, Vicepresidente y Secretario de la Asociaci\u00f3n y de la Asamblea General.<\/p><p style=\"padding-left: 90px;\">El r\u00e9gimen retributivo de la junta directiva se ajustar\u00e1, en su caso, a lo dispuesto en el art\u00edculo 32.1.b de la Ley Org\u00e1nica 1\/2002 y el art. 3.5\u00b0 de la Ley 49\/2002 de 23 de Diciembre de R\u00e9gimen fiscal de las entidades sin fines lucrativos y normas que las desarrollen o sustituyan.<\/p><p style=\"padding-left: 90px;\">El cargo de miembro de la Junta Directiva es gratuito.<\/p><h3 style=\"padding-left: 60px;\">Articulo 13.- Procedimientos para la elecci\u00f3n y sustituci\u00f3n de miembros.<\/h3><p style=\"padding-left: 90px;\">La elecci\u00f3n de los miembros de la Junta Directiva por la Asamblea General se realizar\u00e1 mediante la presentaci\u00f3n de candidaturas, a las que se les permitir\u00e1 la adecuada difusi\u00f3n, con una antelaci\u00f3n de un mes a la celebraci\u00f3n de la correspondiente reuni\u00f3n.<\/p><p style=\"padding-left: 90px;\">En caso de ausencia o enfermedad de alg\u00fan miembro de la Junta Directiva, podr\u00e1 ser suplido provisionalmente por otro de los componentes de \u00e9sta, previa designaci\u00f3n por mayor\u00eda de sus miembros, salvo en el caso del Presidente que ser\u00e1 sustituido por el Vicepresidente.<\/p><p style=\"padding-left: 90px;\">Los miembros de la Junta Directiva cesar\u00e1n:<\/p><p style=\"padding-left: 120px;\">a) Por transcurso del periodo de su mandato.<\/p><p style=\"padding-left: 120px;\">b) Por renuncia expresa.<\/p><p style=\"padding-left: 120px;\">c) Por acuerdo de la Asamblea General.<\/p><h3 style=\"padding-left: 60px;\">Art\u00edculo 14.- Reuniones y qu\u00f3rum de constituci\u00f3n y adopci\u00f3n de acuerdos.<\/h3><p style=\"padding-left: 90px;\">La Junta Directiva se reunir\u00e1, al menos cada cuatro meses previa convocatoria, debiendo mediar al menos tres d\u00edas entre \u00e9sta y su celebraci\u00f3n o cuantas veces lo determine su Presidente y a petici\u00f3n del 25% de sus miembros. Quedar\u00e1 constituida cuando asista la mitad m\u00e1s uno de sus miembros y para que sus acuerdos sean v\u00e1lidos deber\u00e1n ser adoptados por mayor\u00eda de votos. En caso de empate, ser\u00e1 de calidad el voto del Presidente o de quien haga sus veces.<\/p><h3 style=\"padding-left: 60px;\">Art\u00edculo 15.- Facultades de la Junta Directiva.<\/h3><p style=\"padding-left: 90px;\">Son facultades de la Junta Directiva:<\/p><p style=\"padding-left: 90px;\">a) Dirigir las actividades sociales y llevar la gesti\u00f3n econ\u00f3mica y administrativa de la Asociaci\u00f3n, acordando realizar los oportunos contratos y actos, sin perjuicio de le dispuesto en el art\u00edculo 10, apartado h).<\/p><p style=\"padding-left: 90px;\">b) Ejecutar los acuerdos de la Asamblea General.<\/p><p style=\"padding-left: 90px;\">c) Elaborar y someter a la aprobaci\u00f3n de la Asamblea General los presupuestos anuales y las Cuentas.<\/p><p style=\"padding-left: 90px;\">d) Elaborar, en su caso, el reglamento de R\u00e9gimen Interior.<\/p><p style=\"padding-left: 90px;\">e) Resolver sobre la admisi\u00f3n de nuevos asociados.<\/p><p style=\"padding-left: 90px;\">f) Nombrar delegados para alguna determinada actividad de la Asociaci\u00f3n.<\/p><p style=\"padding-left: 90px;\">g) Cualquiera otra facultad que no sea de la exclusiva competencia de la Asamblea General.<\/p><h3 style=\"padding-left: 60px;\">Art\u00edculo 16.- El Presidente<\/h3><p style=\"padding-left: 90px;\">El Presidente tendr\u00e1 las siguientes atribuciones:<\/p><p style=\"padding-left: 120px;\">a) Representar legalmente a la Asociaci\u00f3n ante toda clase de organismos p\u00fablicos o privados.<\/p><p style=\"padding-left: 120px;\">b) Convocar, presidir y levantar las sesiones que celebre la Asamblea General y la Junta Directiva.<\/p><p style=\"padding-left: 120px;\">c) Dirigir las deliberaciones de una y otra.<\/p><p style=\"padding-left: 120px;\">d) Ordenar pagos y autorizar con su firma los documentos, actas y correspondencia.<\/p><p style=\"padding-left: 120px;\">e) Adoptar cualquier medida urgente que la buena marcha de la Asociaci\u00f3n aconseje, resulte necesaria o conveniente para el desarrollo de sus actividades, sin perjuicio de dar cuenta posteriormente a la Junta Directiva.<\/p><h3 style=\"padding-left: 60px;\">Art\u00edculo 17.- El Vicepresidente<\/h3><p style=\"padding-left: 90px;\">El Vicepresidente sustituir\u00e1 al Presidente en ausencia de \u00e9ste, motivada por enfermedad o cualquier otro motivo, y tendr\u00e1 las mismas atribuciones que \u00e9l.<\/p><h3 style=\"padding-left: 60px;\">Art\u00edculo 18.- El Secretario<\/h3><p style=\"padding-left: 90px;\">El Secretario tendr\u00e1 a su cargo la direcci\u00f3n de los trabajos puramente administrativos de la Asociaci\u00f3n, expedir\u00e1 certificaciones, llevar\u00e1 los ficheros y custodiar\u00e1 la documentaci\u00f3n de la entidad, remitiendo en su caso, las comunicaciones a la Administraci\u00f3n, con los requisitos pertinentes.<\/p><h3 style=\"padding-left: 60px;\">Art\u00edculo 19.- El Tesorero<\/h3><p style=\"padding-left: 90px;\">El Tesorero recaudar\u00e1 y custodiar\u00e1 los fondos pertenecientes a la asociaci\u00f3n y firmar\u00e1 junto al Presidente o Vicepresidente los instrumentos de pago que le requieran.<\/p><h3 style=\"padding-left: 60px;\">Art\u00edculo 20.- Los Vocales<\/h3><p style=\"padding-left: 90px;\">Los Vocales tendr\u00e1n las obligaciones propias de su cargo como miembro de la Junta Directiva y as\u00ed como las que nazcan de las delegaciones o comisiones de trabajo que la propia Junta les encomiende.<\/p><h2 style=\"padding-left: 30px;\">CAPITULO V &#8211;\u00a0LOS ASOCIADOS<\/h2><h3 style=\"padding-left: 60px;\">Art\u00edculo 21.- Requisitos para asociarse<\/h3><p style=\"padding-left: 90px;\">Podr\u00e1n pertenecer a la Asociaci\u00f3n aquellas personas mayores de edad, familiares y amigos de enfermos mentales o enfermos en s\u00ed, con capacidad de obrar y no sujetas a condici\u00f3n legal que lo impida, que tengan inter\u00e9s en el desarrollo de los fines de la Asociaci\u00f3n.<\/p><p style=\"padding-left: 90px;\">La admisi\u00f3n se producir\u00e1 por inscripci\u00f3n voluntaria y con el visto bueno de la Junta Directiva, excepto para los socios de honor qu\u00e9 ser\u00e1 por acuerdo de la Asamblea General.<\/p><h3 style=\"padding-left: 60px;\">Art\u00edculo 22.- Clases de asociados<\/h3><p style=\"padding-left: 90px;\">Existir\u00e1n las siguientes clases de asociados:<\/p><p style=\"padding-left: 120px;\">a) Fundadores, que ser\u00e1n aquellos que participen en el acto de constituci\u00f3n de la asociaci\u00f3n.<\/p><p style=\"padding-left: 120px;\">b) De n\u00famero, que ser\u00e1n los que ingresen despu\u00e9s de constituci\u00f3n de la Asociaci\u00f3n.<\/p><p style=\"padding-left: 120px;\">c) De honor, los que por su prestigio o por haber contribuido de modo relevante a los fines de la Asociaci\u00f3n, se hagan acreedores a tal distinci\u00f3n.<\/p><p style=\"padding-left: 120px;\">d) Protectores. Las personas f\u00edsicas o jur\u00eddicas que colaboren econ\u00f3mica o profesionalmente en forma continuada y desinteresada con la Asociaci\u00f3n.<\/p><h3 style=\"padding-left: 60px;\">Art\u00edculo 23.- Causas de p\u00e9rdida de la condici\u00f3n de asociado<\/h3><p style=\"padding-left: 90px;\">Se perder\u00e1 la condici\u00f3n de asociado por alguna de las causas siguientes:<\/p><p style=\"padding-left: 120px;\">a) Por renuncia voluntaria, comunicada por escrito a la Junta Directiva.<\/p><p style=\"padding-left: 120px;\">b) Por incumplimiento de sus obligaciones econ\u00f3micas, si dejara de satisfacer cuotas peri\u00f3dicas.<\/p><p style=\"padding-left: 120px;\">c) Por conducta incorrecta, por desprestigiar a la Asociaci\u00f3n con hechos o palabras que perturben gravemente los actos organizados por la misma y la normal convivencia entre los asociados.<\/p><p style=\"padding-left: 90px;\">En los supuestos de sanci\u00f3n y separaci\u00f3n de los asociados, se informar\u00e1 en todo caso al afectado de los hechos que puedan dar lugar a tales medidas, y se le oir\u00e1 previamente, debiendo ser motivado el acuerdo que, en tal sentido, se adopte.<\/p><h3 style=\"padding-left: 60px;\">Art\u00edculo 24.- Derechos de los asociados<\/h3><p style=\"padding-left: 90px;\">Los asociados de n\u00famero y los fundadores tendr\u00e1n los siguientes derechos:<\/p><p style=\"padding-left: 120px;\">a) Participar en las actividades de la asociaci\u00f3n con sujeci\u00f3n a lo dispuesto en el art. 32.1 b de la Ley Org\u00e1nica 1\/2002 de 22 de marzo y en los \u00f3rganos de gobierno y representaci\u00f3n.<\/p><p style=\"padding-left: 120px;\">b) Ejercer el derecho de voto, as\u00ed como asistir a la Asamblea General.<\/p><p style=\"padding-left: 120px;\">c) Ser informado acerca de la composici\u00f3n de los \u00f3rganos de gobierno y representaci\u00f3n de la asociaci\u00f3n, de su estado de cuentas y del desarrollo de su actividad.<\/p><p style=\"padding-left: 120px;\">d) Ser o\u00eddo con car\u00e1cter previo a la adopci\u00f3n de medidas disciplinarias contra \u00e9l.<\/p><p style=\"padding-left: 120px;\">e) Impugnar los acuerdos de los \u00f3rganos de la asociaci\u00f3n que estime contrarios a la ley o los estatutos.<\/p><p style=\"padding-left: 120px;\">f) Hacer sugerencias a los miembros de la Junta Directiva en orden al mejor cumplimiento de los fines de la Asociaci\u00f3n.<\/p><p style=\"padding-left: 90px;\">Los asociados de honor y protectores tendr\u00e1n los mismos derechos salvo el de voto en la Asamblea General y el de participaci\u00f3n en la Junta Directiva de la Asociaci\u00f3n.<\/p><h3 style=\"padding-left: 60px;\">Art\u00edculo 25.- Deberes de los asociados<\/h3><p style=\"padding-left: 90px;\">Los asociados tendr\u00e1n las siguientes obligaciones:<\/p><p style=\"padding-left: 120px;\">a) Compartir las finalidades de la asociaci\u00f3n y colaborar para la consecuci\u00f3n de las mismas.<\/p><p style=\"padding-left: 120px;\">b) Pagar las cuotas, derramas y otras aportaciones que, con arreglo a los estatutos, puedan corresponder a cada asociado, salvo los de honor.<\/p><p style=\"padding-left: 120px;\">c) Cumplir el resto de obligaciones que resulten de las disposiciones estatutarias.<\/p><p style=\"padding-left: 120px;\">d) Acatar y cumplir los acuerdos v\u00e1lidamente adoptados por los \u00f3rganos de gobierno y representaci\u00f3n de la asociaci\u00f3n.<\/p><h2 style=\"padding-left: 30px;\">CAPITULO VI &#8211;\u00a0R\u00c9GIMEN DE FINANCIACI\u00d3N, CONTABILIDAD Y DOCUMENTACI\u00d3N<\/h2><h3 style=\"padding-left: 60px;\">Art\u00edculo 26.- Obligaciones documentales y contables<\/h3><p style=\"padding-left: 90px;\">La asociaci\u00f3n dispondr\u00e1 de una relaci\u00f3n actualizada de asociados. Asimismo, llevar\u00e1 una contabilidad donde quedar\u00e1 reflejada la imagen fiel del patrimonio, los resultados, la situaci\u00f3n financiera de la entidad y las actividades realizadas de conformidad a lo dispuesto en los arts. 14 y 34.1 de la Ley Org\u00e1nica 1\/2002 de Asociaciones y el art. 3 apartados 8\u00b0 y 10\u00b0 de la Ley 49\/2002 de 23 de diciembre de R\u00e9gimen fiscal de las entidades sin fines lucrativos y normas que lo desarrollen o sustituyan. La rendici\u00f3n anual de cuentas se efectuar\u00e1 de acuerdo a lo dispuesto en el art. 34.1 de la Ley Org\u00e1nica 1\/2002 y normas que lo desarrollen o sustituyan. Tambi\u00e9n dispondr\u00e1 de un inventario actualizado de sus bienes.<\/p><p style=\"padding-left: 90px;\">En un Libro de Actas, figurar\u00e1n las correspondientes a las reuniones que celebren sus \u00f3rganos de gobierno y representaci\u00f3n.<\/p><h3 style=\"padding-left: 60px;\">Art\u00edculo 27.- Recursos econ\u00f3micos<\/h3><p style=\"padding-left: 90px;\">Los recursos econ\u00f3micos previstos para el desarrollo de los fines y actividades de la Asociaci\u00f3n ser\u00e1n los siguientes:<\/p><p style=\"padding-left: 120px;\">a) Las cuotas de entrada, peri\u00f3dicas o extraordinarias.<\/p><p style=\"padding-left: 120px;\">b) Las subvenciones, legados o herencias que pudiera recibir de forma legal por parte de los asociados o de terceros<\/p><p style=\"padding-left: 120px;\">c) Cualquier otro recurso l\u00edcito.<\/p><h3 style=\"padding-left: 60px;\">Art\u00edculo 28,- Patrimonio Inicial y Cierre de Ejercicio<\/h3><p style=\"padding-left: 90px;\">La Asociaci\u00f3n carece de Patrimonio Inicial.<\/p><p style=\"padding-left: 90px;\">El cierre del ejercicio asociativo coincidir\u00e1 con el \u00faltimo d\u00eda del a\u00f1o natural.<\/p><h2 style=\"padding-left: 30px;\">CAPITULO VII &#8211;\u00a0DISOLUCI\u00d3N<\/h2><h3 style=\"padding-left: 60px;\">Art\u00edculo 29.- Acuerdo de disoluci\u00f3n<\/h3><p style=\"padding-left: 90px;\">La asociaci\u00f3n se disolver\u00e1:<\/p><p style=\"padding-left: 120px;\">a) Por voluntad de los asociados expresada mediante acuerdo de la Asamblea General.<\/p><p style=\"padding-left: 120px;\">b) Por imposibilidad de cumplir los fines previstos en los estatutos apreciada por acuerdo de la Asamblea General.<\/p><p style=\"padding-left: 120px;\">Por sentencia judicial.<\/p><p style=\"padding-left: 90px;\">El acuerdo de disoluci\u00f3n se adoptar\u00e1 por la Asamblea General, convocada al efecto, por mayor\u00eda de 2\/3 de los asociados presentes o representados.<\/p><h3 style=\"padding-left: 60px;\">Art\u00edculo 30.- Comisi\u00f3n Liquidadora.<\/h3><p style=\"padding-left: 90px;\">En caso de disoluci\u00f3n, se nombrar\u00e1 una comisi\u00f3n liquidadora, la cual, una vez extinguidas las deudas, y si existiese sobrante l\u00edquido lo destinar\u00e1 a una entidad de las referidas en el art\u00edculo 3.6\u00b0 y Disposici\u00f3n Adicional Decimoprimera de la Ley 49\/2002 de 23 de diciembre de R\u00e9gimen fiscal de las entidades sin fines lucrativos y normas que las desarrollen o sustituyan.<\/p><p style=\"padding-left: 90px;\">Los liquidadores tendr\u00e1n las funciones que establecen los apartados 3 y 4 del art\u00edculo 8 de la Ley Org\u00e1nica 1\/2002 de 22 de Marzo.<\/p><h6><strong>D. Pedro Guerra Fern\u00e1ndez con D.N.I. 02861604-j Secretario de la Asociaci\u00f3n pro ayuda salud, esperanza y vida (apasev), con n\u00famero de Registro 15.044,<\/strong><\/h6><p><strong>Certifico:<\/strong><\/p><p><strong>Que los presentes estatutos recogen las modificaciones aprobadas en la reuni\u00f3n de la Asamblea General Extraordinaria celebrada el 25 de Marzo de 2004, a fin de adaptar los estatutos, tanto a la exigencia contenida en la Disposici\u00f3n Transitoria Primera de la Ley Org\u00e1nica 1\/2002 de 22 de marzo, como a los requisitos exigidos para la declaraci\u00f3n de utilidad p\u00fablica.<\/strong><\/p><p><strong>Alcorc\u00f3n a 1 de abril de 2004<\/strong><\/p><p><strong>D. Lorenzo Villal\u00f3n Campos con DNI 11689758 P, secretario de la Asociaci\u00f3n Pro Ayuda Salud Esperanza y Vida (APASEV), con n\u00famero de Registro 15.044<\/strong><\/p><p><strong>Certifico:<\/strong><\/p><p><strong>Que los presentes estatutos recogen las modificaciones aprobadas en la reuni\u00f3n de la Asamblea General Extraordinaria celebrada el d\u00eda 27 de septiembre de 2007.<\/strong><\/p><p><strong>Alcorc\u00f3n, a 30 de septiembre de 2007<\/strong><\/p><p><strong>D\u00aa Julia L\u00f3pez Rojas con D.N.I. 50270111 T Secretaria de la Asociaci\u00f3n pro ayuda salud, esperanza y vida (apasev), con n\u00famero de Registro 15.044<\/strong><\/p><p><strong>Certifico:<\/strong><\/p><p><strong>Que los presentes estatutos recogen las modificaciones aprobadas en la reuni\u00f3n de la Asamblea General Extraordinaria celebrada el 11 de Abril de 2013<\/strong><\/p><p><strong>Alcorc\u00f3n, a 22 de abril de 2013<\/strong><\/p><p><strong>D\u00aa. Gloria Garcia Reviejo con DNI 27493381D Secretaria de la Asociaci\u00f3n pro ayuda salud, esperanza y vida (apasev), con n\u00famero de Registro 15.044<\/strong><\/p><p><strong>Certifico:<\/strong><\/p><p><strong>Que los presentes estatutos recogen las modificaciones aprobadas en la reuni\u00f3n de la Asamblea General Extraordinaria celebrada el 26 de Abril de 2018<\/strong><\/p><p><strong>Alcorc\u00f3n, a 27 de abril de 2018<\/strong><\/p>\t\t\t\t\t\t\t\t<\/div>\n\t\t\t\t<\/div>\n\t\t\t\t\t<\/div>\n\t\t<\/div>\n\t\t\t\t\t<\/div>\n\t\t<\/section>\n\t\t\t\t<section class=\"elementor-section elementor-top-section elementor-element elementor-element-7df0c3f5 elementor-section-boxed elementor-section-height-default elementor-section-height-default wpr-particle-no wpr-jarallax-no wpr-parallax-no wpr-sticky-section-no\" data-id=\"7df0c3f5\" data-element_type=\"section\" data-e-type=\"section\">\n\t\t\t\t\t\t<div class=\"elementor-container elementor-column-gap-default\">\n\t\t\t\t\t<div class=\"elementor-column elementor-col-50 elementor-top-column elementor-element elementor-element-63b8fd65\" data-id=\"63b8fd65\" data-element_type=\"column\" data-e-type=\"column\" data-settings=\"{&quot;background_background&quot;:&quot;classic&quot;}\">\n\t\t\t<div class=\"elementor-widget-wrap elementor-element-populated\">\n\t\t\t\t\t\t<div class=\"elementor-element elementor-element-34cb566c elementor-widget elementor-widget-heading\" data-id=\"34cb566c\" data-element_type=\"widget\" data-e-type=\"widget\" data-widget_type=\"heading.default\">\n\t\t\t\t<div class=\"elementor-widget-container\">\n\t\t\t\t\t<h2 class=\"elementor-heading-title elementor-size-default\">Colaboradores<\/h2>\t\t\t\t<\/div>\n\t\t\t\t<\/div>\n\t\t\t\t\t<\/div>\n\t\t<\/div>\n\t\t\t\t<div class=\"elementor-column elementor-col-50 elementor-top-column elementor-element elementor-element-2d92b478\" data-id=\"2d92b478\" data-element_type=\"column\" data-e-type=\"column\" data-settings=\"{&quot;background_background&quot;:&quot;classic&quot;}\">\n\t\t\t<div class=\"elementor-widget-wrap elementor-element-populated\">\n\t\t\t\t\t\t\t<\/div>\n\t\t<\/div>\n\t\t\t\t\t<\/div>\n\t\t<\/section>\n\t\t\t\t<footer class=\"elementor-section elementor-top-section elementor-element elementor-element-91c289f elementor-section-content-middle elementor-section-stretched elementor-section-boxed elementor-section-height-default elementor-section-height-default wpr-particle-no wpr-jarallax-no wpr-parallax-no wpr-sticky-section-no\" data-id=\"91c289f\" data-element_type=\"section\" data-e-type=\"section\" data-settings=\"{&quot;background_background&quot;:&quot;classic&quot;,&quot;stretch_section&quot;:&quot;section-stretched&quot;}\">\n\t\t\t\t\t\t<div class=\"elementor-container elementor-column-gap-no\">\n\t\t\t\t\t<div class=\"elementor-column elementor-col-16 elementor-top-column elementor-element elementor-element-9c53edc\" data-id=\"9c53edc\" data-element_type=\"column\" data-e-type=\"column\" data-settings=\"{&quot;background_background&quot;:&quot;classic&quot;}\">\n\t\t\t<div class=\"elementor-widget-wrap elementor-element-populated\">\n\t\t\t\t\t\t<div class=\"elementor-element elementor-element-36fda123 elementor-widget elementor-widget-image\" data-id=\"36fda123\" data-element_type=\"widget\" data-e-type=\"widget\" data-widget_type=\"image.default\">\n\t\t\t\t<div class=\"elementor-widget-container\">\n\t\t\t\t\t\t\t\t\t\t\t\t\t\t\t<img decoding=\"async\" width=\"160\" height=\"72\" src=\"https:\/\/apasev.org\/wp-content\/uploads\/Ayuntamiento-Alcorcon.png\" class=\"attachment-large size-large wp-image-149\" alt=\"\" \/>\t\t\t\t\t\t\t\t\t\t\t\t\t\t\t<\/div>\n\t\t\t\t<\/div>\n\t\t\t\t\t<\/div>\n\t\t<\/div>\n\t\t\t\t<div class=\"elementor-column elementor-col-16 elementor-top-column elementor-element elementor-element-7d6f7e6f\" data-id=\"7d6f7e6f\" data-element_type=\"column\" data-e-type=\"column\" data-settings=\"{&quot;background_background&quot;:&quot;classic&quot;}\">\n\t\t\t<div class=\"elementor-widget-wrap elementor-element-populated\">\n\t\t\t\t\t\t<div class=\"elementor-element elementor-element-10813c87 elementor-widget elementor-widget-image\" data-id=\"10813c87\" data-element_type=\"widget\" data-e-type=\"widget\" data-widget_type=\"image.default\">\n\t\t\t\t<div class=\"elementor-widget-container\">\n\t\t\t\t\t\t\t\t\t\t\t\t\t\t\t<img decoding=\"async\" width=\"249\" height=\"123\" src=\"https:\/\/apasev.org\/wp-content\/uploads\/thumbnail_image001.jpg\" class=\"attachment-large size-large wp-image-362\" alt=\"\" \/>\t\t\t\t\t\t\t\t\t\t\t\t\t\t\t<\/div>\n\t\t\t\t<\/div>\n\t\t\t\t\t<\/div>\n\t\t<\/div>\n\t\t\t\t<div class=\"elementor-column elementor-col-16 elementor-top-column elementor-element elementor-element-7083894e\" data-id=\"7083894e\" data-element_type=\"column\" data-e-type=\"column\" data-settings=\"{&quot;background_background&quot;:&quot;classic&quot;}\">\n\t\t\t<div class=\"elementor-widget-wrap elementor-element-populated\">\n\t\t\t\t\t\t<div class=\"elementor-element elementor-element-7e4c7550 elementor-widget elementor-widget-image\" data-id=\"7e4c7550\" data-element_type=\"widget\" data-e-type=\"widget\" data-widget_type=\"image.default\">\n\t\t\t\t<div class=\"elementor-widget-container\">\n\t\t\t\t\t\t\t\t\t\t\t\t\t\t\t<img loading=\"lazy\" decoding=\"async\" width=\"584\" height=\"219\" src=\"https:\/\/apasev.org\/wp-content\/uploads\/210137-1200x449.jpg\" class=\"attachment-large size-large wp-image-360\" alt=\"\" srcset=\"https:\/\/apasev.org\/wp-content\/uploads\/210137-1200x449.jpg 1200w, https:\/\/apasev.org\/wp-content\/uploads\/210137-300x112.jpg 300w, https:\/\/apasev.org\/wp-content\/uploads\/210137-768x287.jpg 768w, https:\/\/apasev.org\/wp-content\/uploads\/210137-500x187.jpg 500w, https:\/\/apasev.org\/wp-content\/uploads\/210137.jpg 1280w\" sizes=\"(max-width: 584px) 100vw, 584px\" \/>\t\t\t\t\t\t\t\t\t\t\t\t\t\t\t<\/div>\n\t\t\t\t<\/div>\n\t\t\t\t\t<\/div>\n\t\t<\/div>\n\t\t\t\t<div class=\"elementor-column elementor-col-16 elementor-top-column elementor-element elementor-element-3b98b3be\" data-id=\"3b98b3be\" data-element_type=\"column\" data-e-type=\"column\" data-settings=\"{&quot;background_background&quot;:&quot;classic&quot;}\">\n\t\t\t<div class=\"elementor-widget-wrap elementor-element-populated\">\n\t\t\t\t\t\t<div class=\"elementor-element elementor-element-67138879 elementor-widget elementor-widget-image\" data-id=\"67138879\" data-element_type=\"widget\" data-e-type=\"widget\" data-widget_type=\"image.default\">\n\t\t\t\t<div class=\"elementor-widget-container\">\n\t\t\t\t\t\t\t\t\t\t\t\t\t\t\t<img loading=\"lazy\" decoding=\"async\" width=\"584\" height=\"412\" src=\"https:\/\/apasev.org\/wp-content\/uploads\/consejeriamadrid-768x542.png\" class=\"attachment-medium_large size-medium_large wp-image-361\" alt=\"\" srcset=\"https:\/\/apasev.org\/wp-content\/uploads\/consejeriamadrid-768x542.png 768w, https:\/\/apasev.org\/wp-content\/uploads\/consejeriamadrid-300x212.png 300w, https:\/\/apasev.org\/wp-content\/uploads\/consejeriamadrid-425x300.png 425w, https:\/\/apasev.org\/wp-content\/uploads\/consejeriamadrid.png 871w\" sizes=\"(max-width: 584px) 100vw, 584px\" \/>\t\t\t\t\t\t\t\t\t\t\t\t\t\t\t<\/div>\n\t\t\t\t<\/div>\n\t\t\t\t\t<\/div>\n\t\t<\/div>\n\t\t\t\t<div class=\"elementor-column elementor-col-16 elementor-top-column elementor-element elementor-element-6d4ed804\" data-id=\"6d4ed804\" data-element_type=\"column\" data-e-type=\"column\" data-settings=\"{&quot;background_background&quot;:&quot;classic&quot;}\">\n\t\t\t<div class=\"elementor-widget-wrap elementor-element-populated\">\n\t\t\t\t\t\t<div class=\"elementor-element elementor-element-73c58fac elementor-widget elementor-widget-image\" data-id=\"73c58fac\" data-element_type=\"widget\" data-e-type=\"widget\" data-widget_type=\"image.default\">\n\t\t\t\t<div class=\"elementor-widget-container\">\n\t\t\t\t\t\t\t\t\t\t\t\t\t\t\t<img loading=\"lazy\" decoding=\"async\" width=\"584\" height=\"190\" src=\"https:\/\/apasev.org\/wp-content\/uploads\/comunidad-consejeria.png\" class=\"attachment-large size-large wp-image-381\" alt=\"\" srcset=\"https:\/\/apasev.org\/wp-content\/uploads\/comunidad-consejeria.png 854w, https:\/\/apasev.org\/wp-content\/uploads\/comunidad-consejeria-300x98.png 300w, https:\/\/apasev.org\/wp-content\/uploads\/comunidad-consejeria-768x250.png 768w, https:\/\/apasev.org\/wp-content\/uploads\/comunidad-consejeria-500x163.png 500w\" sizes=\"(max-width: 584px) 100vw, 584px\" \/>\t\t\t\t\t\t\t\t\t\t\t\t\t\t\t<\/div>\n\t\t\t\t<\/div>\n\t\t\t\t\t<\/div>\n\t\t<\/div>\n\t\t\t\t<div class=\"elementor-column elementor-col-16 elementor-top-column elementor-element elementor-element-7828bb2b\" data-id=\"7828bb2b\" data-element_type=\"column\" data-e-type=\"column\" data-settings=\"{&quot;background_background&quot;:&quot;classic&quot;}\">\n\t\t\t<div class=\"elementor-widget-wrap elementor-element-populated\">\n\t\t\t\t\t\t<div class=\"elementor-element elementor-element-571ea5e8 elementor-widget elementor-widget-image\" data-id=\"571ea5e8\" data-element_type=\"widget\" data-e-type=\"widget\" data-widget_type=\"image.default\">\n\t\t\t\t<div class=\"elementor-widget-container\">\n\t\t\t\t\t\t\t\t\t\t\t\t\t\t\t<img loading=\"lazy\" decoding=\"async\" width=\"584\" height=\"221\" src=\"https:\/\/apasev.org\/wp-content\/uploads\/ministrario_sanidad_945-768x290.jpg\" class=\"attachment-medium_large size-medium_large wp-image-397\" alt=\"\" srcset=\"https:\/\/apasev.org\/wp-content\/uploads\/ministrario_sanidad_945-768x290.jpg 768w, https:\/\/apasev.org\/wp-content\/uploads\/ministrario_sanidad_945-300x113.jpg 300w, https:\/\/apasev.org\/wp-content\/uploads\/ministrario_sanidad_945-500x189.jpg 500w, https:\/\/apasev.org\/wp-content\/uploads\/ministrario_sanidad_945.jpg 945w\" sizes=\"(max-width: 584px) 100vw, 584px\" \/>\t\t\t\t\t\t\t\t\t\t\t\t\t\t\t<\/div>\n\t\t\t\t<\/div>\n\t\t\t\t\t<\/div>\n\t\t<\/div>\n\t\t\t\t\t<\/div>\n\t\t<\/footer>\n\t\t\t\t<section class=\"elementor-section elementor-top-section elementor-element elementor-element-401e78d elementor-section-boxed elementor-section-height-default elementor-section-height-default wpr-particle-no wpr-jarallax-no wpr-parallax-no wpr-sticky-section-no\" data-id=\"401e78d\" data-element_type=\"section\" data-e-type=\"section\">\n\t\t\t\t\t\t<div class=\"elementor-container elementor-column-gap-default\">\n\t\t\t\t\t<div class=\"elementor-column elementor-col-100 elementor-top-column elementor-element elementor-element-7ab98b7\" data-id=\"7ab98b7\" data-element_type=\"column\" data-e-type=\"column\">\n\t\t\t<div class=\"elementor-widget-wrap elementor-element-populated\">\n\t\t\t\t\t\t<div class=\"elementor-element elementor-element-9db9ff4 elementor-widget elementor-widget-text-editor\" data-id=\"9db9ff4\" data-element_type=\"widget\" data-e-type=\"widget\" data-widget_type=\"text-editor.default\">\n\t\t\t\t<div class=\"elementor-widget-container\">\n\t\t\t\t\t\t\t\t\t<p style=\"text-align: center;\"><a href=\"https:\/\/apasev.org\/?p=333\">Politica de privacidad<\/a> | <a href=\"https:\/\/apasev.org\/?page_id=13\">Contacto<\/a> | <a href=\"https:\/\/www.facebook.com\/asociacionapasev\">Facebook<\/a> | Hecho por <a href=\"http:\/\/fpdl.eu\">fpdl<\/a>\u00a0<\/p>\t\t\t\t\t\t\t\t<\/div>\n\t\t\t\t<\/div>\n\t\t\t\t\t<\/div>\n\t\t<\/div>\n\t\t\t\t\t<\/div>\n\t\t<\/section>\n\t\t\t\t<\/div>\n\t\t","protected":false},"excerpt":{"rendered":"<p>Inicio Qui\u00e9nes somos Qu\u00e9 hacemos Con qui\u00e9n trabajamos Contacto Facebook ESTATUTOS DE LA ASOCIACI\u00d3N ADAPTADOS A LA L.O. 1\/2002 CAPITULO I &#8211; DENOMINACI\u00d3N, FINES, ACTIVIDADES, DOMICILIO Y \u00c1MBITO Articulo 1.- Denominaci\u00f3n. Denominada \u201cAsociaci\u00f3n pro ayuda salud, esperanza y vida (APASEV)\u00bb, &hellip; <a href=\"https:\/\/apasev.org\/?page_id=348\">Sigue leyendo <span class=\"meta-nav\">&rarr;<\/span><\/a><\/p>\n","protected":false},"author":1,"featured_media":0,"parent":0,"menu_order":0,"comment_status":"closed","ping_status":"closed","template":"elementor_canvas","meta":{"footnotes":""},"class_list":["post-348","page","type-page","status-publish","hentry"],"_links":{"self":[{"href":"https:\/\/apasev.org\/index.php?rest_route=\/wp\/v2\/pages\/348","targetHints":{"allow":["GET"]}}],"collection":[{"href":"https:\/\/apasev.org\/index.php?rest_route=\/wp\/v2\/pages"}],"about":[{"href":"https:\/\/apasev.org\/index.php?rest_route=\/wp\/v2\/types\/page"}],"author":[{"embeddable":true,"href":"https:\/\/apasev.org\/index.php?rest_route=\/wp\/v2\/users\/1"}],"replies":[{"embeddable":true,"href":"https:\/\/apasev.org\/index.php?rest_route=%2Fwp%2Fv2%2Fcomments&post=348"}],"version-history":[{"count":8,"href":"https:\/\/apasev.org\/index.php?rest_route=\/wp\/v2\/pages\/348\/revisions"}],"predecessor-version":[{"id":411,"href":"https:\/\/apasev.org\/index.php?rest_route=\/wp\/v2\/pages\/348\/revisions\/411"}],"wp:attachment":[{"href":"https:\/\/apasev.org\/index.php?rest_route=%2Fwp%2Fv2%2Fmedia&parent=348"}],"curies":[{"name":"wp","href":"https:\/\/api.w.org\/{rel}","templated":true}]}}